{"id":39,"date":"2025-03-21T18:46:51","date_gmt":"2025-03-21T18:46:51","guid":{"rendered":"https:\/\/dodgerblue-ape-993544.hostingersite.com\/?page_id=39"},"modified":"2025-05-16T15:34:39","modified_gmt":"2025-05-16T15:34:39","slug":"quienes-somos","status":"publish","type":"page","link":"https:\/\/taldeka.org\/eu\/quienes-somos","title":{"rendered":"Nor garen"},"content":{"rendered":"\t\t<div data-elementor-type=\"wp-page\" data-elementor-id=\"39\" class=\"elementor elementor-39\" data-elementor-post-type=\"page\">\n\t\t\t\t<div class=\"elementor-element elementor-element-97f5482 e-con-full e-flex e-con e-parent\" data-id=\"97f5482\" data-element_type=\"container\" data-e-type=\"container\" data-settings=\"{&quot;background_background&quot;:&quot;classic&quot;}\">\n\t\t\t\t<div class=\"elementor-element elementor-element-7518639 elementor-widget elementor-widget-n-carousel\" data-id=\"7518639\" data-element_type=\"widget\" data-e-type=\"widget\" data-settings=\"{&quot;carousel_items&quot;:[{&quot;slide_title&quot;:&quot;Slide #1&quot;,&quot;_id&quot;:&quot;dfe117b&quot;}],&quot;slides_to_show&quot;:&quot;1&quot;,&quot;slides_to_show_tablet&quot;:&quot;1&quot;,&quot;slides_to_show_mobile&quot;:&quot;1&quot;,&quot;speed&quot;:500,&quot;image_spacing_custom&quot;:{&quot;unit&quot;:&quot;px&quot;,&quot;size&quot;:10,&quot;sizes&quot;:[]},&quot;image_spacing_custom_tablet&quot;:{&quot;unit&quot;:&quot;px&quot;,&quot;size&quot;:&quot;&quot;,&quot;sizes&quot;:[]},&quot;image_spacing_custom_mobile&quot;:{&quot;unit&quot;:&quot;px&quot;,&quot;size&quot;:&quot;&quot;,&quot;sizes&quot;:[]}}\" data-widget_type=\"nested-carousel.default\">\n\t\t\t\t<div class=\"elementor-widget-container\">\n\t\t\t\t\t\t\t<div class=\"e-n-carousel swiper\" role=\"region\" aria-roledescription=\"carousel\" aria-label=\"Carousel\" dir=\"ltr\">\n\t\t\t<div class=\"swiper-wrapper\" aria-live=\"polite\">\n\t\t\t\t\t\t\t\t\t\t<div class=\"swiper-slide\" data-slide=\"1\" role=\"group\" aria-roledescription=\"slide\" aria-label=\"1 of 1\">\n\t\t\t\t\t\t\t<div class=\"elementor-element elementor-element-0bbdf7d e-con-full e-flex e-con e-child\" data-id=\"0bbdf7d\" data-element_type=\"container\" data-e-type=\"container\" data-settings=\"{&quot;background_background&quot;:&quot;classic&quot;}\">\n\t\t<div class=\"elementor-element elementor-element-e2b3713 e-con-full e-flex e-con e-child\" data-id=\"e2b3713\" data-element_type=\"container\" data-e-type=\"container\" data-settings=\"{&quot;background_background&quot;:&quot;classic&quot;}\">\n\t\t<div class=\"elementor-element elementor-element-e9557e0 e-con-full e-flex e-con e-child\" data-id=\"e9557e0\" data-element_type=\"container\" data-e-type=\"container\">\n\t\t\t\t<div class=\"elementor-element elementor-element-461ba50 elementor-widget elementor-widget-heading\" data-id=\"461ba50\" data-element_type=\"widget\" data-e-type=\"widget\" data-widget_type=\"heading.default\">\n\t\t\t\t<div class=\"elementor-widget-container\">\n\t\t\t\t\t<h1 class=\"elementor-heading-title elementor-size-default\">Qui\u00e9nes somos<\/h1>\t\t\t\t<\/div>\n\t\t\t\t<\/div>\n\t\t\t\t<div class=\"elementor-element elementor-element-93c0cf3 elementor-widget elementor-widget-heading\" data-id=\"93c0cf3\" data-element_type=\"widget\" data-e-type=\"widget\" data-widget_type=\"heading.default\">\n\t\t\t\t<div class=\"elementor-widget-container\">\n\t\t\t\t\t<div class=\"elementor-heading-title elementor-size-default\">Taldeka Lagunduz<\/div>\t\t\t\t<\/div>\n\t\t\t\t<\/div>\n\t\t\t\t<div class=\"elementor-element elementor-element-b5524b9 elementor-widget elementor-widget-text-editor\" data-id=\"b5524b9\" data-element_type=\"widget\" data-e-type=\"widget\" data-widget_type=\"text-editor.default\">\n\t\t\t\t<div class=\"elementor-widget-container\">\n\t\t\t\t\t\t\t\t\t<p>Taldeka Lagunduz est\u00e1 formada por un grupo de personas que proceden de distintos \u00e1mbitos sociales y profesionales y cuyo nexo de uni\u00f3n es la amistad. En un momento determinado decidimos organizarnos para recoger todas las fuerzas dispersas de solidaridad de nuestro entorno y gestionarlas m\u00e1s eficazmente; para poner nuestro trabajo, capacidades y el aporte econ\u00f3mico propio y de nuestros colaboradores al servicio de proyectos educativos en pa\u00edses empobrecidos.<\/p>\t\t\t\t\t\t\t\t<\/div>\n\t\t\t\t<\/div>\n\t\t\t\t<\/div>\n\t\t\t\t<\/div>\n\t\t\t\t<\/div>\n\t\t\t\t\t\t\t\t<\/div>\n\t\t\t\t\t\t\t\t<\/div>\n\t\t<\/div>\n\t\t\t\t\t\t<\/div>\n\t\t\t\t<\/div>\n\t\t\t\t<\/div>\n\t\t<div class=\"elementor-element elementor-element-cde0ce9 e-con-full e-flex e-con e-parent\" data-id=\"cde0ce9\" data-element_type=\"container\" data-e-type=\"container\">\n\t\t<div class=\"elementor-element elementor-element-b10bb90 e-con-full e-flex e-con e-child\" data-id=\"b10bb90\" data-element_type=\"container\" data-e-type=\"container\" data-settings=\"{&quot;background_background&quot;:&quot;classic&quot;}\">\n\t\t\t\t<div class=\"elementor-element elementor-element-48b98f4 elementor-widget elementor-widget-text-editor\" data-id=\"48b98f4\" data-element_type=\"widget\" data-e-type=\"widget\" data-widget_type=\"text-editor.default\">\n\t\t\t\t<div class=\"elementor-widget-container\">\n\t\t\t\t\t\t\t\t\t<p>Taldeka Lagunduz esta inscrita en el Registro de Asociaciones del Pa\u00eds Vasco con el n\u00famero G95359386.<\/p>\t\t\t\t\t\t\t\t<\/div>\n\t\t\t\t<\/div>\n\t\t\t\t<\/div>\n\t\t\t\t<\/div>\n\t\t<div class=\"elementor-element elementor-element-c903fee e-con-full e-flex e-con e-parent\" data-id=\"c903fee\" data-element_type=\"container\" data-e-type=\"container\" data-settings=\"{&quot;background_background&quot;:&quot;classic&quot;}\">\n\t\t<div class=\"elementor-element elementor-element-52da0ec e-con-full e-flex e-con e-child\" data-id=\"52da0ec\" data-element_type=\"container\" data-e-type=\"container\" data-settings=\"{&quot;background_background&quot;:&quot;classic&quot;}\">\n\t\t\t\t<\/div>\n\t\t<div class=\"elementor-element elementor-element-1354391 e-con-full e-flex e-con e-child\" data-id=\"1354391\" data-element_type=\"container\" data-e-type=\"container\">\n\t\t\t\t<div class=\"elementor-element elementor-element-508a702 elementor-widget elementor-widget-heading\" data-id=\"508a702\" data-element_type=\"widget\" data-e-type=\"widget\" data-widget_type=\"heading.default\">\n\t\t\t\t<div class=\"elementor-widget-container\">\n\t\t\t\t\t<h2 class=\"elementor-heading-title elementor-size-default\">\u00bfPor qu\u00e9 una ONG m\u00e1s?<\/h2>\t\t\t\t<\/div>\n\t\t\t\t<\/div>\n\t\t\t\t<div class=\"elementor-element elementor-element-da2ab73 elementor-widget elementor-widget-text-editor\" data-id=\"da2ab73\" data-element_type=\"widget\" data-e-type=\"widget\" data-widget_type=\"text-editor.default\">\n\t\t\t\t<div class=\"elementor-widget-container\">\n\t\t\t\t\t\t\t\t\t<p>Porque el granito de arena que podemos aportar desde Taldeka a la cooperaci\u00f3n en un pa\u00eds empobrecido queremos que tenga no s\u00f3lo una connotaci\u00f3n de aportaci\u00f3n log\u00edstica sino tambi\u00e9n de implicaci\u00f3n personal. De tal manera que, en nuestra Carta de Presentaci\u00f3n, ofrecemos la posibilidad a cualquier colaborador que cuente con la capacitaci\u00f3n necesaria, de trabajar en la realizaci\u00f3n del proyecto concreto que en ese momento est\u00e9 desarrollando Taldeka como ONG.<\/p>\t\t\t\t\t\t\t\t<\/div>\n\t\t\t\t<\/div>\n\t\t\t\t<div class=\"elementor-element elementor-element-43ac719 elementor-widget elementor-widget-button\" data-id=\"43ac719\" data-element_type=\"widget\" data-e-type=\"widget\" data-widget_type=\"button.default\">\n\t\t\t\t<div class=\"elementor-widget-container\">\n\t\t\t\t\t\t\t\t\t<div class=\"elementor-button-wrapper\">\n\t\t\t\t\t<a class=\"elementor-button elementor-button-link elementor-size-sm\" href=\"https:\/\/taldeka.org\/eu\/contacto\">\n\t\t\t\t\t\t<span class=\"elementor-button-content-wrapper\">\n\t\t\t\t\t\t<span class=\"elementor-button-icon\">\n\t\t\t\t<svg aria-hidden=\"true\" class=\"e-font-icon-svg e-fas-arrow-right\" viewBox=\"0 0 448 512\" xmlns=\"http:\/\/www.w3.org\/2000\/svg\"><path d=\"M190.5 66.9l22.2-22.2c9.4-9.4 24.6-9.4 33.9 0L441 239c9.4 9.4 9.4 24.6 0 33.9L246.6 467.3c-9.4 9.4-24.6 9.4-33.9 0l-22.2-22.2c-9.5-9.5-9.3-25 .4-34.3L311.4 296H24c-13.3 0-24-10.7-24-24v-32c0-13.3 10.7-24 24-24h287.4L190.9 101.2c-9.8-9.3-10-24.8-.4-34.3z\"><\/path><\/svg>\t\t\t<\/span>\n\t\t\t\t\t\t\t\t\t<span class=\"elementor-button-text\">Contacto<\/span>\n\t\t\t\t\t<\/span>\n\t\t\t\t\t<\/a>\n\t\t\t\t<\/div>\n\t\t\t\t\t\t\t\t<\/div>\n\t\t\t\t<\/div>\n\t\t\t\t<\/div>\n\t\t\t\t<\/div>\n\t\t<div class=\"elementor-element elementor-element-0692182 e-con-full e-flex e-con e-child\" data-id=\"0692182\" data-element_type=\"container\" data-e-type=\"container\" data-settings=\"{&quot;background_background&quot;:&quot;classic&quot;}\">\n\t\t<div class=\"elementor-element elementor-element-1c1d6cc e-con-full e-flex e-con e-child\" data-id=\"1c1d6cc\" data-element_type=\"container\" data-e-type=\"container\">\n\t\t\t\t<div class=\"elementor-element elementor-element-fcb05d5 elementor-widget-mobile__width-initial elementor-widget elementor-widget-heading\" data-id=\"fcb05d5\" data-element_type=\"widget\" data-e-type=\"widget\" data-widget_type=\"heading.default\">\n\t\t\t\t<div class=\"elementor-widget-container\">\n\t\t\t\t\t<h2 class=\"elementor-heading-title elementor-size-default\">Taldeka como organizaci\u00f3n<\/h2>\t\t\t\t<\/div>\n\t\t\t\t<\/div>\n\t\t\t\t<div class=\"elementor-element elementor-element-5d4eb04 elementor-widget elementor-widget-text-editor\" data-id=\"5d4eb04\" data-element_type=\"widget\" data-e-type=\"widget\" data-widget_type=\"text-editor.default\">\n\t\t\t\t<div class=\"elementor-widget-container\">\n\t\t\t\t\t\t\t\t\t<p>Se declara aconfesional y apol\u00edtica y damos una importancia muy grande al trabajo en equipo, hasta el punto de tener interiorizada tanto la Junta Directiva como los colaboradores que como dec\u00eda Mafalda, si no fuera por todos, nadie ser\u00eda nada.<\/p><p>\u00a0<\/p><p>En Taldeka asumimos la filosof\u00eda del art\u00edculo primero de la Declaraci\u00f3n de los Derechos Humanos, como posibilidad de ir avanzando hacia una nueva realidad m\u00e1s esperanzadora, para aprender a vivir juntos, para establecer entre todos la fraternidad mundial de la que habla el citado art\u00edculo. Creemos que para transformar cualquier realidad hay que conocerla previamente. Vamos a trabajar nuestros dos pr\u00f3ximos proyectos en La India y en la Rep\u00fablica Democr\u00e1tica del Congo respectivamente, en unas poblaciones concretas: Anekal (Bangalore) y Kinziki (Kiwu) donde los hombres y sobre todo las mujeres (la gran esperanza de los pa\u00edses empobrecidos) viven una vida cotidianamente heroica. No hacen milagros entendidos como violaci\u00f3n de las leyes de la naturaleza, pero dicho sin ninguna ret\u00f3rica, hacen milagros que violan las leyes de la historia; el gran milagro de sobrevivir en un mundo que les es grandemente hostil. La filosof\u00eda de nuestra organizaci\u00f3n, los mimbres que tejen el cesto donde se va a recoger todo el trabajo, todas las alegr\u00edas y las penas que todo proyecto solidario lleva impl\u00edcito, son la paciencia y la esperanza anal\u00edtica. No es lo mismo imaginar que realizar. Nos planteamos como organizaci\u00f3n ser impacientes con las metas, pero pacientes con los procesos. Hemos elegido la v\u00eda de la cordialidad para acceder a la raz\u00f3n. Queremos trabajar sin dejar nuestra humanidad fuera, ya que los hombres y mujeres del pa\u00eds donde vamos a desarrollar nuestra labor son portadores de un lenguaje que mueve a dignidad y de una ternura que invitan a la colaboraci\u00f3n y a la transformaci\u00f3n de una realidad injusta.<\/p>\t\t\t\t\t\t\t\t<\/div>\n\t\t\t\t<\/div>\n\t\t\t\t<\/div>\n\t\t\t\t<\/div>\n\t\t<div class=\"elementor-element elementor-element-3774b86 e-con-full e-flex e-con e-parent\" data-id=\"3774b86\" data-element_type=\"container\" data-e-type=\"container\" data-settings=\"{&quot;background_background&quot;:&quot;classic&quot;}\">\n\t\t<div class=\"elementor-element elementor-element-1bc59d1 e-con-full e-flex e-con e-child\" data-id=\"1bc59d1\" data-element_type=\"container\" data-e-type=\"container\">\n\t\t\t\t<div class=\"elementor-element elementor-element-ff746b0 elementor-widget elementor-widget-image\" data-id=\"ff746b0\" data-element_type=\"widget\" data-e-type=\"widget\" data-widget_type=\"image.default\">\n\t\t\t\t<div class=\"elementor-widget-container\">\n\t\t\t\t\t\t\t\t\t\t\t\t\t\t\t<img fetchpriority=\"high\" decoding=\"async\" width=\"363\" height=\"316\" src=\"https:\/\/taldeka.org\/wp-content\/uploads\/2025\/05\/Logo-CIRW.jpg\" class=\"attachment-large size-large wp-image-2000\" alt=\"\" srcset=\"https:\/\/taldeka.org\/wp-content\/uploads\/2025\/05\/Logo-CIRW.jpg 363w, https:\/\/taldeka.org\/wp-content\/uploads\/2025\/05\/Logo-CIRW-300x261.jpg 300w, https:\/\/taldeka.org\/wp-content\/uploads\/2025\/05\/Logo-CIRW-14x12.jpg 14w\" sizes=\"(max-width: 363px) 100vw, 363px\" \/>\t\t\t\t\t\t\t\t\t\t\t\t\t\t\t<\/div>\n\t\t\t\t<\/div>\n\t\t\t\t<div class=\"elementor-element elementor-element-58bdb1c elementor-widget elementor-widget-heading\" data-id=\"58bdb1c\" data-element_type=\"widget\" data-e-type=\"widget\" data-widget_type=\"heading.default\">\n\t\t\t\t<div class=\"elementor-widget-container\">\n\t\t\t\t\t<h2 class=\"elementor-heading-title elementor-size-default\">Nuestra contraparte<\/h2>\t\t\t\t<\/div>\n\t\t\t\t<\/div>\n\t\t\t\t<div class=\"elementor-element elementor-element-b9d139f elementor-widget elementor-widget-text-editor\" data-id=\"b9d139f\" data-element_type=\"widget\" data-e-type=\"widget\" data-widget_type=\"text-editor.default\">\n\t\t\t\t<div class=\"elementor-widget-container\">\n\t\t\t\t\t\t\t\t\t<p class=\"p1\">Nuestra contraparte es el Centro para el Bienestar Rural Integral. El CIRW, una rama de Anekal Jesuit Educational and<span class=\"Apple-converted-space\">\u00a0 <\/span>Charitable Society, est\u00e1 trabajando activamente en diez de los veintiocho Panchayats de Anekal Taluka. Cubre m\u00e1s de 36 aldeas remotas para concientizar y empoderar a los\/as pobres, con especial \u00e9nfasis en ni\u00f1os\/as, j\u00f3venes y mujeres pertenecientes a la casta dalit, tribales y migrantes. A trav\u00e9s de varios programas y proyectos, el centro se centra en cuestiones clave como los derechos del ni\u00f1o\/a, la alfabetizaci\u00f3n, los derechos de las castas, la educaci\u00f3n, la salud, el bienestar familiar, el desarrollo rural, el alivio de la pobreza, la formaci\u00f3n profesional, el desarrollo y el empoderamiento de la mujer. El centro trabaja para mejorar el nivel de vida, promover la autodignidad, aumentar la conciencia sociopol\u00edtica sobre los derechos humanos b\u00e1sicos, movilizar y unir a los grupos de opci\u00f3n para luchar por sus derechos y prerrogativas, y educarlos para que aprovechen diversos planes gubernamentales. El objetivo principal es ayudar a las personas a convertirse en agentes de cambio social. El centro tambi\u00e9n ofrece servicios para mejorar su salud e higiene a trav\u00e9s de campamentos de salud peri\u00f3dicos con la ayuda del St John\u2019s Hospital, Bangalore.<\/p>\t\t\t\t\t\t\t\t<\/div>\n\t\t\t\t<\/div>\n\t\t\t\t<\/div>\n\t\t<div class=\"elementor-element elementor-element-a6d4e29 e-con-full e-flex e-con e-child\" data-id=\"a6d4e29\" data-element_type=\"container\" data-e-type=\"container\" data-settings=\"{&quot;background_background&quot;:&quot;classic&quot;}\">\n\t\t\t\t<div class=\"elementor-element elementor-element-7dcb67e elementor-widget elementor-widget-image\" data-id=\"7dcb67e\" data-element_type=\"widget\" data-e-type=\"widget\" data-widget_type=\"image.default\">\n\t\t\t\t<div class=\"elementor-widget-container\">\n\t\t\t\t\t\t\t\t\t\t\t\t\t\t\t<img decoding=\"async\" width=\"800\" height=\"808\" src=\"https:\/\/taldeka.org\/wp-content\/uploads\/2025\/05\/WhatsApp-Image-2025-04-15-at-20.11.00-1014x1024.jpg\" class=\"attachment-large size-large wp-image-2001\" alt=\"\" srcset=\"https:\/\/taldeka.org\/wp-content\/uploads\/2025\/05\/WhatsApp-Image-2025-04-15-at-20.11.00-1014x1024.jpg 1014w, https:\/\/taldeka.org\/wp-content\/uploads\/2025\/05\/WhatsApp-Image-2025-04-15-at-20.11.00-297x300.jpg 297w, https:\/\/taldeka.org\/wp-content\/uploads\/2025\/05\/WhatsApp-Image-2025-04-15-at-20.11.00-768x776.jpg 768w, https:\/\/taldeka.org\/wp-content\/uploads\/2025\/05\/WhatsApp-Image-2025-04-15-at-20.11.00-12x12.jpg 12w, https:\/\/taldeka.org\/wp-content\/uploads\/2025\/05\/WhatsApp-Image-2025-04-15-at-20.11.00.jpg 1079w\" sizes=\"(max-width: 800px) 100vw, 800px\" \/>\t\t\t\t\t\t\t\t\t\t\t\t\t\t\t<\/div>\n\t\t\t\t<\/div>\n\t\t\t\t<\/div>\n\t\t\t\t<\/div>\n\t\t\t\t<\/div>\n\t\t","protected":false},"excerpt":{"rendered":"<p>Qui\u00e9nes somos Taldeka Lagunduz Taldeka Lagunduz est\u00e1 formada por un grupo de personas que proceden de distintos \u00e1mbitos sociales y profesionales y cuyo nexo de uni\u00f3n es la amistad. En un momento determinado decidimos organizarnos para recoger todas las fuerzas dispersas de solidaridad de nuestro entorno y gestionarlas m\u00e1s eficazmente; para poner nuestro trabajo, capacidades [&hellip;]<\/p>\n","protected":false},"author":4,"featured_media":2000,"parent":0,"menu_order":0,"comment_status":"closed","ping_status":"closed","template":"elementor_header_footer","meta":{"footnotes":""},"class_list":["post-39","page","type-page","status-publish","has-post-thumbnail","hentry"],"yoast_head":"<!-- This site is optimized with the Yoast SEO plugin v27.5 - https:\/\/yoast.com\/product\/yoast-seo-wordpress\/ -->\n<title>Qui\u00e9nes Somos - Taldeka Lagunduz<\/title>\n<meta name=\"robots\" content=\"index, follow, max-snippet:-1, max-image-preview:large, max-video-preview:-1\" \/>\n<link rel=\"canonical\" href=\"https:\/\/taldeka.org\/eu\/quienes-somos\/\" \/>\n<meta property=\"og:locale\" content=\"en_US\" \/>\n<meta property=\"og:type\" content=\"article\" \/>\n<meta property=\"og:title\" content=\"Qui\u00e9nes Somos - Taldeka Lagunduz\" \/>\n<meta property=\"og:description\" content=\"Qui\u00e9nes somos Taldeka Lagunduz Taldeka Lagunduz est\u00e1 formada por un grupo de personas que proceden de distintos \u00e1mbitos sociales y profesionales y cuyo nexo de uni\u00f3n es la amistad. En un momento determinado decidimos organizarnos para recoger todas las fuerzas dispersas de solidaridad de nuestro entorno y gestionarlas m\u00e1s eficazmente; para poner nuestro trabajo, capacidades [&hellip;]\" \/>\n<meta property=\"og:url\" content=\"https:\/\/taldeka.org\/eu\/quienes-somos\/\" \/>\n<meta property=\"og:site_name\" content=\"Taldeka Lagunduz\" \/>\n<meta property=\"article:modified_time\" content=\"2025-05-16T15:34:39+00:00\" \/>\n<meta property=\"og:image\" content=\"https:\/\/taldeka.org\/wp-content\/uploads\/2025\/05\/Logo-CIRW.jpg\" \/>\n\t<meta property=\"og:image:width\" content=\"363\" \/>\n\t<meta property=\"og:image:height\" content=\"316\" \/>\n\t<meta property=\"og:image:type\" content=\"image\/jpeg\" \/>\n<meta name=\"twitter:card\" content=\"summary_large_image\" \/>\n<meta name=\"twitter:label1\" content=\"Est. reading time\" \/>\n\t<meta name=\"twitter:data1\" content=\"4 minutua\" \/>\n<script type=\"application\/ld+json\" class=\"yoast-schema-graph\">{\"@context\":\"https:\\\/\\\/schema.org\",\"@graph\":[{\"@type\":\"WebPage\",\"@id\":\"https:\\\/\\\/taldeka.org\\\/quienes-somos\",\"url\":\"https:\\\/\\\/taldeka.org\\\/quienes-somos\",\"name\":\"Qui\u00e9nes Somos - Taldeka Lagunduz\",\"isPartOf\":{\"@id\":\"https:\\\/\\\/dodgerblue-ape-993544.hostingersite.com\\\/#website\"},\"primaryImageOfPage\":{\"@id\":\"https:\\\/\\\/taldeka.org\\\/quienes-somos#primaryimage\"},\"image\":{\"@id\":\"https:\\\/\\\/taldeka.org\\\/quienes-somos#primaryimage\"},\"thumbnailUrl\":\"https:\\\/\\\/taldeka.org\\\/wp-content\\\/uploads\\\/2025\\\/05\\\/Logo-CIRW.jpg\",\"datePublished\":\"2025-03-21T18:46:51+00:00\",\"dateModified\":\"2025-05-16T15:34:39+00:00\",\"breadcrumb\":{\"@id\":\"https:\\\/\\\/taldeka.org\\\/quienes-somos#breadcrumb\"},\"inLanguage\":\"eu\",\"potentialAction\":[{\"@type\":\"ReadAction\",\"target\":[\"https:\\\/\\\/taldeka.org\\\/quienes-somos\"]}]},{\"@type\":\"ImageObject\",\"inLanguage\":\"eu\",\"@id\":\"https:\\\/\\\/taldeka.org\\\/quienes-somos#primaryimage\",\"url\":\"https:\\\/\\\/taldeka.org\\\/wp-content\\\/uploads\\\/2025\\\/05\\\/Logo-CIRW.jpg\",\"contentUrl\":\"https:\\\/\\\/taldeka.org\\\/wp-content\\\/uploads\\\/2025\\\/05\\\/Logo-CIRW.jpg\",\"width\":363,\"height\":316},{\"@type\":\"BreadcrumbList\",\"@id\":\"https:\\\/\\\/taldeka.org\\\/quienes-somos#breadcrumb\",\"itemListElement\":[{\"@type\":\"ListItem\",\"position\":1,\"name\":\"Portada\",\"item\":\"https:\\\/\\\/taldeka.org\\\/\"},{\"@type\":\"ListItem\",\"position\":2,\"name\":\"Qui\u00e9nes Somos\"}]},{\"@type\":\"WebSite\",\"@id\":\"https:\\\/\\\/dodgerblue-ape-993544.hostingersite.com\\\/#website\",\"url\":\"https:\\\/\\\/dodgerblue-ape-993544.hostingersite.com\\\/\",\"name\":\"Taldeka Lagunduz\",\"description\":\"Une fuerzas para apoyar proyectos educativos\",\"publisher\":{\"@id\":\"https:\\\/\\\/dodgerblue-ape-993544.hostingersite.com\\\/#organization\"},\"potentialAction\":[{\"@type\":\"SearchAction\",\"target\":{\"@type\":\"EntryPoint\",\"urlTemplate\":\"https:\\\/\\\/dodgerblue-ape-993544.hostingersite.com\\\/?s={search_term_string}\"},\"query-input\":{\"@type\":\"PropertyValueSpecification\",\"valueRequired\":true,\"valueName\":\"search_term_string\"}}],\"inLanguage\":\"eu\"},{\"@type\":\"Organization\",\"@id\":\"https:\\\/\\\/dodgerblue-ape-993544.hostingersite.com\\\/#organization\",\"name\":\"Taldeka Lagunduz\",\"url\":\"https:\\\/\\\/dodgerblue-ape-993544.hostingersite.com\\\/\",\"logo\":{\"@type\":\"ImageObject\",\"inLanguage\":\"eu\",\"@id\":\"https:\\\/\\\/dodgerblue-ape-993544.hostingersite.com\\\/#\\\/schema\\\/logo\\\/image\\\/\",\"url\":\"https:\\\/\\\/taldeka.org\\\/wp-content\\\/uploads\\\/2025\\\/03\\\/cropped-logo-1.jpg\",\"contentUrl\":\"https:\\\/\\\/taldeka.org\\\/wp-content\\\/uploads\\\/2025\\\/03\\\/cropped-logo-1.jpg\",\"width\":157,\"height\":45,\"caption\":\"Taldeka Lagunduz\"},\"image\":{\"@id\":\"https:\\\/\\\/dodgerblue-ape-993544.hostingersite.com\\\/#\\\/schema\\\/logo\\\/image\\\/\"}}]}<\/script>\n<!-- \/ Yoast SEO plugin. -->","yoast_head_json":{"title":"Qui\u00e9nes Somos - Taldeka Lagunduz","robots":{"index":"index","follow":"follow","max-snippet":"max-snippet:-1","max-image-preview":"max-image-preview:large","max-video-preview":"max-video-preview:-1"},"canonical":"https:\/\/taldeka.org\/eu\/quienes-somos\/","og_locale":"en_US","og_type":"article","og_title":"Qui\u00e9nes Somos - Taldeka Lagunduz","og_description":"Qui\u00e9nes somos Taldeka Lagunduz Taldeka Lagunduz est\u00e1 formada por un grupo de personas que proceden de distintos \u00e1mbitos sociales y profesionales y cuyo nexo de uni\u00f3n es la amistad. En un momento determinado decidimos organizarnos para recoger todas las fuerzas dispersas de solidaridad de nuestro entorno y gestionarlas m\u00e1s eficazmente; para poner nuestro trabajo, capacidades [&hellip;]","og_url":"https:\/\/taldeka.org\/eu\/quienes-somos\/","og_site_name":"Taldeka Lagunduz","article_modified_time":"2025-05-16T15:34:39+00:00","og_image":[{"width":363,"height":316,"url":"https:\/\/taldeka.org\/wp-content\/uploads\/2025\/05\/Logo-CIRW.jpg","type":"image\/jpeg"}],"twitter_card":"summary_large_image","twitter_misc":{"Est. reading time":"4 minutua"},"schema":{"@context":"https:\/\/schema.org","@graph":[{"@type":"WebPage","@id":"https:\/\/taldeka.org\/quienes-somos","url":"https:\/\/taldeka.org\/quienes-somos","name":"Qui\u00e9nes Somos - Taldeka Lagunduz","isPartOf":{"@id":"https:\/\/dodgerblue-ape-993544.hostingersite.com\/#website"},"primaryImageOfPage":{"@id":"https:\/\/taldeka.org\/quienes-somos#primaryimage"},"image":{"@id":"https:\/\/taldeka.org\/quienes-somos#primaryimage"},"thumbnailUrl":"https:\/\/taldeka.org\/wp-content\/uploads\/2025\/05\/Logo-CIRW.jpg","datePublished":"2025-03-21T18:46:51+00:00","dateModified":"2025-05-16T15:34:39+00:00","breadcrumb":{"@id":"https:\/\/taldeka.org\/quienes-somos#breadcrumb"},"inLanguage":"eu","potentialAction":[{"@type":"ReadAction","target":["https:\/\/taldeka.org\/quienes-somos"]}]},{"@type":"ImageObject","inLanguage":"eu","@id":"https:\/\/taldeka.org\/quienes-somos#primaryimage","url":"https:\/\/taldeka.org\/wp-content\/uploads\/2025\/05\/Logo-CIRW.jpg","contentUrl":"https:\/\/taldeka.org\/wp-content\/uploads\/2025\/05\/Logo-CIRW.jpg","width":363,"height":316},{"@type":"BreadcrumbList","@id":"https:\/\/taldeka.org\/quienes-somos#breadcrumb","itemListElement":[{"@type":"ListItem","position":1,"name":"Portada","item":"https:\/\/taldeka.org\/"},{"@type":"ListItem","position":2,"name":"Qui\u00e9nes Somos"}]},{"@type":"WebSite","@id":"https:\/\/dodgerblue-ape-993544.hostingersite.com\/#website","url":"https:\/\/dodgerblue-ape-993544.hostingersite.com\/","name":"Taldeka Lagunduz","description":"Une fuerzas para apoyar proyectos educativos","publisher":{"@id":"https:\/\/dodgerblue-ape-993544.hostingersite.com\/#organization"},"potentialAction":[{"@type":"SearchAction","target":{"@type":"EntryPoint","urlTemplate":"https:\/\/dodgerblue-ape-993544.hostingersite.com\/?s={search_term_string}"},"query-input":{"@type":"PropertyValueSpecification","valueRequired":true,"valueName":"search_term_string"}}],"inLanguage":"eu"},{"@type":"Organization","@id":"https:\/\/dodgerblue-ape-993544.hostingersite.com\/#organization","name":"Taldeka Lagunduz","url":"https:\/\/dodgerblue-ape-993544.hostingersite.com\/","logo":{"@type":"ImageObject","inLanguage":"eu","@id":"https:\/\/dodgerblue-ape-993544.hostingersite.com\/#\/schema\/logo\/image\/","url":"https:\/\/taldeka.org\/wp-content\/uploads\/2025\/03\/cropped-logo-1.jpg","contentUrl":"https:\/\/taldeka.org\/wp-content\/uploads\/2025\/03\/cropped-logo-1.jpg","width":157,"height":45,"caption":"Taldeka Lagunduz"},"image":{"@id":"https:\/\/dodgerblue-ape-993544.hostingersite.com\/#\/schema\/logo\/image\/"}}]}},"_links":{"self":[{"href":"https:\/\/taldeka.org\/eu\/wp-json\/wp\/v2\/pages\/39","targetHints":{"allow":["GET"]}}],"collection":[{"href":"https:\/\/taldeka.org\/eu\/wp-json\/wp\/v2\/pages"}],"about":[{"href":"https:\/\/taldeka.org\/eu\/wp-json\/wp\/v2\/types\/page"}],"author":[{"embeddable":true,"href":"https:\/\/taldeka.org\/eu\/wp-json\/wp\/v2\/users\/4"}],"replies":[{"embeddable":true,"href":"https:\/\/taldeka.org\/eu\/wp-json\/wp\/v2\/comments?post=39"}],"version-history":[{"count":127,"href":"https:\/\/taldeka.org\/eu\/wp-json\/wp\/v2\/pages\/39\/revisions"}],"predecessor-version":[{"id":2029,"href":"https:\/\/taldeka.org\/eu\/wp-json\/wp\/v2\/pages\/39\/revisions\/2029"}],"wp:featuredmedia":[{"embeddable":true,"href":"https:\/\/taldeka.org\/eu\/wp-json\/wp\/v2\/media\/2000"}],"wp:attachment":[{"href":"https:\/\/taldeka.org\/eu\/wp-json\/wp\/v2\/media?parent=39"}],"curies":[{"name":"wp","href":"https:\/\/api.w.org\/{rel}","templated":true}]}}